{"id":336,"date":"2024-05-24T17:25:36","date_gmt":"2024-05-24T20:25:36","guid":{"rendered":"https:\/\/ccbs.uepa.br\/saudedigital\/?page_id=336"},"modified":"2024-05-25T11:34:21","modified_gmt":"2024-05-25T14:34:21","slug":"visita-tecnica-municipios","status":"publish","type":"page","link":"https:\/\/ccbs.uepa.br\/saudedigital\/visita-tecnica-municipios\/","title":{"rendered":"Telessa\u00fade em oriximin\u00e1"},"content":{"rendered":"\n<div class=\"wp-block-columns is-layout-flex wp-container-core-columns-is-layout-28f84493 wp-block-columns-is-layout-flex\">\n<div class=\"wp-block-column is-layout-flow wp-block-column-is-layout-flow\" style=\"flex-basis:25%\">\n<figure class=\"wp-block-image size-full\"><img loading=\"lazy\" decoding=\"async\" width=\"1079\" height=\"1041\" src=\"https:\/\/ccbs.uepa.br\/saudedigital\/wp-content\/uploads\/2024\/05\/WhatsApp-Image-2024-05-25-at-09.19.52.jpeg\" alt=\"\" class=\"wp-image-395\"\/><\/figure>\n<\/div>\n\n\n\n<div class=\"wp-block-column is-layout-flow wp-block-column-is-layout-flow\" style=\"flex-basis:50%\">\n<p class=\"has-ast-global-color-7-color has-text-color has-link-color wp-elements-a03557ba13b90604d876c7c33869f226\" style=\"line-height:2.1;text-transform:capitalize\">A comunidade de Boa Vista inaugurou o primeiro servi\u00e7o de teleconsulta no munic\u00edpio de Oriximina! Esta iniciativa do Minist\u00e9rio da Sa\u00fade \u00e9 resultado de um di\u00e1logo pr\u00f3ximo com a Associa\u00e7\u00e3o da Comunidade Remanescente de Quilombo Boa Vista (ACRQBV) e conta com a colabora\u00e7\u00e3o da Universidade Estadual do Par\u00e1 (UEPA) para atendimento.<br>Este evento representa uma conquista significativa no acesso a um sistema de sa\u00fade mais inclusivo para a regi\u00e3o. A a\u00e7\u00e3o come\u00e7ou com uma demanda da pr\u00f3pria comunidade, levada diretamente a Bras\u00edlia, onde o Minist\u00e9rio da Sa\u00fade nos recebeu, escutou e agiu para chegar ao momento atual. Ap\u00f3s dois anos de esfor\u00e7os e di\u00e1logos, esta luta se concretizou no dia 22 de maio, quando seis pacientes foram atendidos por um neurologista, sem precisar sair do territ\u00f3rio. Este \u00e9 um passo importante n\u00e3o apenas para n\u00f3s, mas tamb\u00e9m para demonstrar a necessidade da presen\u00e7a e aten\u00e7\u00e3o do Estado \u00e0s regi\u00f5es geograficamente afastadas na Amaz\u00f4nia.<\/p>\n<\/div>\n\n\n\n<div class=\"wp-block-column is-layout-flow wp-block-column-is-layout-flow\" style=\"flex-basis:25%\">\n<figure class=\"wp-block-image size-full\"><img loading=\"lazy\" decoding=\"async\" width=\"955\" height=\"924\" src=\"https:\/\/ccbs.uepa.br\/saudedigital\/wp-content\/uploads\/2024\/05\/WhatsApp-Image-2024-05-25-at-09.19.52-1.jpeg\" alt=\"\" class=\"wp-image-394\"\/><\/figure>\n<\/div>\n<\/div>\n\n\n\n<p><\/p>\n","protected":false},"excerpt":{"rendered":"<p>A comunidade de Boa Vista inaugurou o primeiro servi\u00e7o de teleconsulta no munic\u00edpio de Oriximina! Esta iniciativa do Minist\u00e9rio da [&hellip;]<\/p>\n","protected":false},"author":2,"featured_media":0,"parent":0,"menu_order":0,"comment_status":"closed","ping_status":"closed","template":"","meta":{"_uag_custom_page_level_css":"","site-sidebar-layout":"default","site-content-layout":"","ast-site-content-layout":"","site-content-style":"default","site-sidebar-style":"default","ast-global-header-display":"","ast-banner-title-visibility":"","ast-main-header-display":"","ast-hfb-above-header-display":"","ast-hfb-below-header-display":"","ast-hfb-mobile-header-display":"","site-post-title":"","ast-breadcrumbs-content":"","ast-featured-img":"","footer-sml-layout":"","theme-transparent-header-meta":"","adv-header-id-meta":"","stick-header-meta":"","header-above-stick-meta":"","header-main-stick-meta":"","header-below-stick-meta":"","astra-migrate-meta-layouts":"default","ast-page-background-enabled":"default","ast-page-background-meta":{"desktop":{"background-color":"var(--ast-global-color-4)","background-image":"","background-repeat":"repeat","background-position":"center center","background-size":"auto","background-attachment":"scroll","background-type":"","background-media":"","overlay-type":"","overlay-color":"","overlay-gradient":""},"tablet":{"background-color":"","background-image":"","background-repeat":"repeat","background-position":"center center","background-size":"auto","background-attachment":"scroll","background-type":"","background-media":"","overlay-type":"","overlay-color":"","overlay-gradient":""},"mobile":{"background-color":"","background-image":"","background-repeat":"repeat","background-position":"center center","background-size":"auto","background-attachment":"scroll","background-type":"","background-media":"","overlay-type":"","overlay-color":"","overlay-gradient":""}},"ast-content-background-meta":{"desktop":{"background-color":"var(--ast-global-color-5)","background-image":"","background-repeat":"repeat","background-position":"center center","background-size":"auto","background-attachment":"scroll","background-type":"","background-media":"","overlay-type":"","overlay-color":"","overlay-gradient":""},"tablet":{"background-color":"var(--ast-global-color-5)","background-image":"","background-repeat":"repeat","background-position":"center center","background-size":"auto","background-attachment":"scroll","background-type":"","background-media":"","overlay-type":"","overlay-color":"","overlay-gradient":""},"mobile":{"background-color":"var(--ast-global-color-5)","background-image":"","background-repeat":"repeat","background-position":"center center","background-size":"auto","background-attachment":"scroll","background-type":"","background-media":"","overlay-type":"","overlay-color":"","overlay-gradient":""}},"footnotes":""},"class_list":["post-336","page","type-page","status-publish","hentry"],"uagb_featured_image_src":{"full":false,"thumbnail":false,"medium":false,"medium_large":false,"large":false,"1536x1536":false,"2048x2048":false},"uagb_author_info":{"display_name":"hugo","author_link":"https:\/\/ccbs.uepa.br\/saudedigital\/author\/hugo-conteuepa-br\/"},"uagb_comment_info":0,"uagb_excerpt":"A comunidade de Boa Vista inaugurou o primeiro servi\u00e7o de teleconsulta no munic\u00edpio de Oriximina! Esta iniciativa do Minist\u00e9rio da [&hellip;]","_links":{"self":[{"href":"https:\/\/ccbs.uepa.br\/saudedigital\/wp-json\/wp\/v2\/pages\/336","targetHints":{"allow":["GET"]}}],"collection":[{"href":"https:\/\/ccbs.uepa.br\/saudedigital\/wp-json\/wp\/v2\/pages"}],"about":[{"href":"https:\/\/ccbs.uepa.br\/saudedigital\/wp-json\/wp\/v2\/types\/page"}],"author":[{"embeddable":true,"href":"https:\/\/ccbs.uepa.br\/saudedigital\/wp-json\/wp\/v2\/users\/2"}],"replies":[{"embeddable":true,"href":"https:\/\/ccbs.uepa.br\/saudedigital\/wp-json\/wp\/v2\/comments?post=336"}],"version-history":[{"count":13,"href":"https:\/\/ccbs.uepa.br\/saudedigital\/wp-json\/wp\/v2\/pages\/336\/revisions"}],"predecessor-version":[{"id":400,"href":"https:\/\/ccbs.uepa.br\/saudedigital\/wp-json\/wp\/v2\/pages\/336\/revisions\/400"}],"wp:attachment":[{"href":"https:\/\/ccbs.uepa.br\/saudedigital\/wp-json\/wp\/v2\/media?parent=336"}],"curies":[{"name":"wp","href":"https:\/\/api.w.org\/{rel}","templated":true}]}}